{"id":161,"date":"2021-10-30T12:10:44","date_gmt":"2021-10-30T10:10:44","guid":{"rendered":"https:\/\/parafiaswjozefawmuszynie.pl\/?page_id=161"},"modified":"2026-04-26T10:49:21","modified_gmt":"2026-04-26T08:49:21","slug":"slowo-na-niedziele","status":"publish","type":"page","link":"https:\/\/parafiaswjozefawmuszynie.pl\/?page_id=161","title":{"rendered":"S\u0141OWO NA NIEDZIEL\u0118"},"content":{"rendered":"<p>&nbsp;<\/p>\n<p>&nbsp;<\/p>\n<h1 class=\"mb-4 fs-2 color-light font-serif lh-sm\" style=\"text-align: center;\"><span style=\"color: #a14100;\"><i>19 kwietnia 2026<\/i><\/span><\/h1>\n<h1 class=\"mb-4 fs-2 color-light font-serif lh-sm\" style=\"text-align: center;\"><span style=\"color: #a14100;\"><i>Czwarta Niedziela Wielkanocna <\/i><\/span><\/h1>\n<h1 class=\"title-page mx-main mb-main text-center mt-quarter\">Wiara niesie \u0142ask\u0119 m\u0105drego patrzenia na \u017cycie i na to, co go dotyka. Oddala ryzyko pob\u0142\u0105dzenia czy pogubienia si\u0119 w wirze codzienno\u015bci.<\/h1>\n<p><a href=\"https:\/\/parafiaswjozefawmuszynie.pl\/wp-content\/uploads\/2026\/04\/Jezus-Dobry-Pasterz.jpg\"><img loading=\"lazy\" decoding=\"async\" class=\"size-medium wp-image-3105 aligncenter\" src=\"https:\/\/parafiaswjozefawmuszynie.pl\/wp-content\/uploads\/2026\/04\/Jezus-Dobry-Pasterz-300x169.jpg\" alt=\"\" width=\"300\" height=\"169\" srcset=\"https:\/\/parafiaswjozefawmuszynie.pl\/wp-content\/uploads\/2026\/04\/Jezus-Dobry-Pasterz-300x169.jpg 300w, https:\/\/parafiaswjozefawmuszynie.pl\/wp-content\/uploads\/2026\/04\/Jezus-Dobry-Pasterz-1024x576.jpg 1024w, https:\/\/parafiaswjozefawmuszynie.pl\/wp-content\/uploads\/2026\/04\/Jezus-Dobry-Pasterz-768x432.jpg 768w, https:\/\/parafiaswjozefawmuszynie.pl\/wp-content\/uploads\/2026\/04\/Jezus-Dobry-Pasterz-1536x864.jpg 1536w, https:\/\/parafiaswjozefawmuszynie.pl\/wp-content\/uploads\/2026\/04\/Jezus-Dobry-Pasterz-676x380.jpg 676w, https:\/\/parafiaswjozefawmuszynie.pl\/wp-content\/uploads\/2026\/04\/Jezus-Dobry-Pasterz.jpg 1920w\" sizes=\"(max-width: 300px) 100vw, 300px\" \/><\/a><\/p>\n<h1 class=\"title-page mx-main mb-main text-center mt-quarter\">Jezus wzywa nas po imieniu.<\/h1>\n<p><strong>Aklamacja<\/strong><strong>: <\/strong><br \/>\nJa jestem dobrym Pasterzem i znam owce moje, a moje Mnie znaj\u0105.<\/p>\n<p><strong>Ewangelia;&nbsp;<\/strong><\/p>\n<p>(J 10, 1-10)<br \/>\nJezus powiedzia\u0142: &#8222;Zaprawd\u0119, zaprawd\u0119 powiadam wam: Kto nie wchodzi do owczarni przez bram\u0119, ale wdziera si\u0119 inn\u0105 drog\u0105, ten jest z\u0142odziejem i rozb\u00f3jnikiem. Kto jednak wchodzi przez bram\u0119, jest pasterzem owiec. Temu otwiera od\u017awierny, a owce s\u0142uchaj\u0105 jego g\u0142osu; wo\u0142a on swoje owce po imieniu i wyprowadza je. A kiedy wszystkie wyprowadzi, staje na ich czele, a owce post\u0119puj\u0105 za nim, poniewa\u017c g\u0142os jego znaj\u0105. Natomiast za obcym nie p\u00f3jd\u0105, lecz b\u0119d\u0105 ucieka\u0107 od niego, bo nie znaj\u0105 g\u0142osu obcych&#8221;. T\u0119 przypowie\u015b\u0107 opowiedzia\u0142 im Jezus, lecz oni nie poj\u0119li znaczenia tego, co im m\u00f3wi\u0142. Powt\u00f3rnie wi\u0119c powiedzia\u0142 do nich Jezus: &#8222;Zaprawd\u0119, zaprawd\u0119 powiadam wam: Ja jestem bram\u0105 owiec. Wszyscy, kt\u00f3rzy przyszli przede Mn\u0105, s\u0105 z\u0142odziejami i rozb\u00f3jnikami, a nie pos\u0142ucha\u0142y ich, owce. Ja jestem bram\u0105. Je\u017celi kto\u015b wejdzie przeze Mnie, b\u0119dzie zbawiony \u2013 wejdzie i wyjdzie, i znajdzie pasz\u0119. Z\u0142odziej przychodzi tylko po to, aby kra\u015b\u0107, zabija\u0107 i niszczy\u0107. Ja przyszed\u0142em po to, aby owce mia\u0142y \u017cycie i mia\u0142y je w obfito\u015bci&#8221;.<\/p>\n<p><em><strong>Komentarz do Ewangelii &#8211;&nbsp;<\/strong><\/em><\/p>\n<p>Jezus wzywa nas po imieniu. Oznacza to, \u017ce dobrze nas zna. Zna ca\u0142\u0105 nasz\u0105 g\u0142\u0119bi\u0119. My znamy Jego g\u0142os, ale cz\u0119sto go ignorujemy. Cz\u0119\u015bciej idziemy za g\u0142osem innych, poniewa\u017c oferuj\u0105 nam komfort, wygod\u0119, \u015bwiatowy blask. G\u0142os Boga jest przyjemny, spokojny, pokorny, cichy i dyskretny, a obcy g\u0142os jest natarczywy, arogancki, porywczy, g\u0142o\u015bny i niepokoj\u0105cy. Pro\u015bmy cz\u0119sto Ducha \u015awi\u0119tego, aby pom\u00f3g\u0142 nam s\u0142ucha\u0107 i rozpoznawa\u0107 Jego g\u0142os. On nas nauczy. S\u0142uchaj\u0105c g\u0142osu prawdziwego Pasterza, b\u0119dziemy mieli \u017cycie w obfito\u015bci Bo\u017cych \u0142ask, teraz i na wieczno\u015b\u0107<\/p>\n<p>Komentarz zaczerpni\u0119ty z ksi\u0105\u017cki &#8222;\u017by\u0107 Ewangeli\u0105&#8221;<\/p>\n","protected":false},"excerpt":{"rendered":"<p>&nbsp; &nbsp; 19 kwietnia 2026 Czwarta Niedziela Wielkanocna Wiara niesie \u0142ask\u0119 m\u0105drego patrzenia na \u017cycie i na to, co go dotyka. Oddala ryzyko pob\u0142\u0105dzenia czy pogubienia si\u0119 w wirze codzienno\u015bci. Jezus wzywa nas po imieniu. Aklamacja: Ja jestem dobrym Pasterzem i znam owce moje, a moje Mnie znaj\u0105. Ewangelia;&nbsp; (J 10, 1-10) Jezus powiedzia\u0142: &#8222;Zaprawd\u0119, [&hellip;]<\/p>\n","protected":false},"author":2,"featured_media":0,"parent":0,"menu_order":0,"comment_status":"closed","ping_status":"closed","template":"","meta":{"ngg_post_thumbnail":0,"footnotes":""},"_links":{"self":[{"href":"https:\/\/parafiaswjozefawmuszynie.pl\/index.php?rest_route=\/wp\/v2\/pages\/161"}],"collection":[{"href":"https:\/\/parafiaswjozefawmuszynie.pl\/index.php?rest_route=\/wp\/v2\/pages"}],"about":[{"href":"https:\/\/parafiaswjozefawmuszynie.pl\/index.php?rest_route=\/wp\/v2\/types\/page"}],"author":[{"embeddable":true,"href":"https:\/\/parafiaswjozefawmuszynie.pl\/index.php?rest_route=\/wp\/v2\/users\/2"}],"replies":[{"embeddable":true,"href":"https:\/\/parafiaswjozefawmuszynie.pl\/index.php?rest_route=%2Fwp%2Fv2%2Fcomments&post=161"}],"version-history":[{"count":389,"href":"https:\/\/parafiaswjozefawmuszynie.pl\/index.php?rest_route=\/wp\/v2\/pages\/161\/revisions"}],"predecessor-version":[{"id":3107,"href":"https:\/\/parafiaswjozefawmuszynie.pl\/index.php?rest_route=\/wp\/v2\/pages\/161\/revisions\/3107"}],"wp:attachment":[{"href":"https:\/\/parafiaswjozefawmuszynie.pl\/index.php?rest_route=%2Fwp%2Fv2%2Fmedia&parent=161"}],"curies":[{"name":"wp","href":"https:\/\/api.w.org\/{rel}","templated":true}]}}