{"id":2269,"date":"2025-01-05T18:35:19","date_gmt":"2025-01-05T17:35:19","guid":{"rendered":"https:\/\/parafiaswjozefawmuszynie.pl\/?page_id=2269"},"modified":"2025-02-15T23:02:43","modified_gmt":"2025-02-15T22:02:43","slug":"odpust-rok-jubileuszowy-2025","status":"publish","type":"page","link":"https:\/\/parafiaswjozefawmuszynie.pl\/?page_id=2269","title":{"rendered":"Odpust Rok Jubileuszowy 2025"},"content":{"rendered":"<p><strong>ODPUSTY ROKU JUBILEUSZOWEGO 2025<\/strong><\/p>\n<p>Jako Pielgrzymi prze\u017cywamy Rok \u015awi\u0119ty, charakteryzuj\u0105cy si\u0119 nadziej\u0105, kt\u00f3ra nie ga\u015bnie, \u201enadziej\u0105 w Bogu\u201d \u2013 stwierdzi\u0142 Papie\u017c Franciszek w bulli \u201e<strong>Spes non confundit<\/strong>\u201d (Nadzieja zawie\u015b\u0107 nie mo\u017ce). Pami\u0119tajmy, \u017ce podstawow\u0105 \u0142ask\u0105, zwi\u0105zan\u0105 z ustanowieniem Roku Jubileuszowego jest odpust zupe\u0142ny. Mo\u017cna go uzyska\u0107 pod okre\u015blonymi warunkami.<br \/>\nS\u0105 to: stan \u0142aski u\u015bwi\u0119caj\u0105cej i brak jakiegokolwiek przywi\u0105zania do grzechu, komunia \u015bwi\u0119ta i modlitwa w intencjach Ojca \u015awi\u0119tego.<\/p>\n<p>Do tych podstawowych warunk\u00f3w dochodzi jeszcze tzw. dzie\u0142o jubileuszowe. Pod tym okre\u015bleniem rozumie\u0107 nale\u017cy ka\u017cd\u0105 z trzech wymienionych aktywno\u015bci (oczywi\u015bcie dla uzyskania odpustu wystarczy jedno z tych dzie\u0142).<\/p>\n<ol>\n<li>Pierwsza to pielgrzymka do miejsca jubileuszowego, czyli ko\u015bcio\u0142a jubileuszowego.<\/li>\n<li>Drugie dzie\u0142o to samo tylko nawiedzenie wskazanego ko\u015bcio\u0142a, powi\u0105zane z modlitw\u0105 i czasem po\u015bwi\u0119conym na adoracj\u0119.<br \/>\n\/Bazylika \u015aw. Ma\u0142gorzaty w Nowym S\u0105czu, Ko\u015bci\u00f3\u0142 Wniebowzi\u0119cia NMP w Krynicy Zdroju, lub Sanktuarium Maryjne w Tyliczu\/<\/li>\n<li>Trzecie to dzie\u0142a mi\u0142osierdzia i pokuty, czyli:<\/li>\n<\/ol>\n<ul>\n<li>udzia\u0142 w misjach, rekolekcjach, spotkaniach formacyjnych,<\/li>\n<li>odwiedzenie i po\u015bwi\u0119cenie czasu braciom znajduj\u0105cym si\u0119 w potrzebie, w trudnej sytuacji (chorym, wi\u0119\u017aniom, samotnym, osobom starszym i niepe\u0142nosprawnym)<\/li>\n<li>oraz ka\u017cde dzia\u0142anie wyra\u017caj\u0105ce ducha pokuty (np. post czy wstrzemi\u0119\u017aliwo\u015b\u0107).<\/li>\n<\/ul>\n<p>Jak podkre\u015bla papie\u017c Franciszek &#8211; przy okazji postu wa\u017cne jest przekazanie wsparcia materialnego ubogim.<br \/>\nReasumuj\u0105c, aby uzyska\u0107 odpust jubileuszowy nale\u017cy spe\u0142ni\u0107 podstawowe warunki i jedno z dzie\u0142 jubileuszowych (pielgrzymka\/nawiedzenie\/dzie\u0142o mi\u0142osierdzia lub pokuty).<\/p>\n<p>Chorzy i osoby samotne mog\u0105 zyska\u0107 odpust zupe\u0142ny, je\u017celi zjednoczeni duchowo w celebracjach Ojca \u015bw. lub biskup\u00f3w za po\u015brednictwem \u015brodk\u00f3w medialnych, odm\u00f3wi\u0105 \u201eOjcze nasz\u201d, wyznaj\u0105 wiar\u0119 i inne modlitwy w intencjach Roku Jubileuszowego, ofiarowuj\u0105c swoje cierpienia lub \u017cyciowe trudno\u015bci.<\/p>\n<p>Nowo\u015bci\u0105, a zarazem niezwyk\u0142\u0105 \u0142ask\u0105, zwi\u0105zan\u0105 z Rokiem Jubileuszowym 2025 jest mo\u017cliwo\u015b\u0107 uzyskania odpustu zupe\u0142nego dwukrotnie w jednym dniu. Ten drugi odpust musi by\u0107 jednak ofiarowany za dusze zmar\u0142ych po powt\u00f3rnym przyj\u0119ciu komunii \u015bwi\u0119tej w danym dniu. Jest to te\u017c zwi\u0105zane z konieczno\u015bci\u0105 uczestniczenia przez dan\u0105 osob\u0119 w ca\u0142ej Mszy \u015awi\u0119tej, gdy\u017c tylko w\u00f3wczas mo\u017ce ona przyj\u0105\u0107 po raz drugi Cia\u0142o Chrystusa.<\/p>\n<p>Rok Jubileuszowy jest dla ca\u0142ego Ko\u015bcio\u0142a czasem intensywnego do\u015bwiadczenia \u0142aski, nadziel i przebaczenia. W zwi\u0105zku z tym szczeg\u00f3lnym czasem, zostaj\u0105 ustanowione w diecezji tarnowskiej nast\u0119puj\u0105ce ko\u015bcio\u0142y jubileuszowe:<\/p>\n<p><strong>bazyliki mniejsze<\/strong><\/p>\n<ul>\n<li>\u015bw. Miko\u0142aja w Bochni,<\/li>\n<li>\u015bw. Katarzyny Aleksandryjskiej w Grybowie,<\/li>\n<li>Matki Boskiej Bolesnej w Limanowej,<\/li>\n<li>\u015bw. Mateusza w Mielcu,<\/li>\n<li>\u015bw. Ma\u0142gorzaty w Nowym S\u0105czu,<\/li>\n<li>\u015bw. Marii Magdaleny i \u015bw. Stanis\u0142awa BM w Szczepanowie,<\/li>\n<li>Narodzenia NMP w katedrze w Tarnowie,<\/li>\n<li>Nawiedzenia NMP w Tuchowie,<\/li>\n<\/ul>\n<p><strong>a tak\u017ce ko\u015bcio\u0142y;<\/strong><\/p>\n<ul>\n<li>NMP Szkaplerznej w D\u0105browie Tarnowskiej,<\/li>\n<li>\u015bw. Jadwigi \u015al\u0105skiej w D\u0119bicy,<\/li>\n<li>NMP Matki Ko\u015bcio\u0142a i<\/li>\n<li>\u015bw. Jakuba Aposto\u0142a w Brzesku,<\/li>\n<li>Wniebowzi\u0119cia NMP w Krynicy-Zdroju,<\/li>\n<li>\u015bw. Wojciecha w Szczawnicy.<\/li>\n<\/ul>\n<p>Za nawiedzenie jednego z wy\u017cej wymienionych ko\u015bcio\u0142\u00f3w, po\u0142\u0105czone z chwil\u0105 adoracji eucharystycznej lub pobo\u017cnym rozmy\u015blaniem i odm\u00f3wieniem modlitwy Ojcze nasz, Wyznania wiary oraz modlitwy do Naj\u015bwi\u0119tszej Maryi Panny, wierni mog\u0105 otrzyma\u0107 odpust zupe\u0142ny pod zwyk\u0142ymi warunkami. Wierni, kt\u00f3rzy z wa\u017cnych powod\u00f3w nie mog\u0105 nawiedzi\u0107 ko\u015bcio\u0142\u00f3w jubileuszowych, mog\u0105 uzyska\u0107 odpust na tych samych warunkach, je\u015bli odm\u00f3wi\u0105 we w\u0142asnym domu lub w miejscu swego przebywania modlitw\u0119 Ojcze nasz, Wyznanie wiary inne modlitwy zgodne z intencjami Roku \u015awi\u0119tego, ofiarowuj\u0105c wraz z nimi swoje cierpienia lub trudno\u015bci \u017cyciowe.<\/p>\n<h2>Modlitwa Jubileuszu<\/h2>\n<p><em>Ojcze, kt\u00f3ry jeste\u015b w niebie,<\/em><em>niech wiara, kt\u00f3r\u0105 nam da\u0142e\u015b <\/em><em>w Twoim Synu Jezusie Chrystusie, naszym Bracie,<br \/>\n<\/em><em>i p\u0142omie\u0144 mi\u0142o\u015bci <\/em><em>rozlany w naszych sercach przez Ducha \u015awi\u0119tego,<br \/>\n<\/em><em>obudz\u0105 w nas b\u0142ogos\u0142awion\u0105 nadziej\u0119 <\/em><em>na przyj\u015bcie Twojego Kr\u00f3lestwa.<\/em><\/p>\n<p><em>Niech Twoja \u0142aska przemienia nas <\/em><em>w pracowitych siewc\u00f3w ewangelicznych ziaren,<br \/>\n<\/em><em>kt\u00f3re b\u0119d\u0105 zaczynem ludzko\u015bci i kosmosu, <\/em><em>w ufnym oczekiwaniu <\/em><em>nowego nieba i nowej ziemi,<br \/>\n<\/em><em>gdy moce Z\u0142a zostan\u0105 pokonane, <\/em><em>a Twoja chwa\u0142a objawi si\u0119 na wieki.<\/em><\/p>\n<p><em>Niech \u0142aska Jubileuszu <\/em><em>o\u017cywi w nas, Pielgrzymach nadziei,<br \/>\n<\/em><em>pragnienie d\u00f3br niebieskich <\/em><em>i rozleje po ca\u0142ej ziemi <\/em><em>rado\u015b\u0107 i pok\u00f3j <\/em><em>naszego Odkupiciela.<br \/>\n<\/em><em>Tobie Bo\u017ce, b\u0142ogos\u0142awiony po wsze czasy, <\/em><em>niech b\u0119dzie cze\u015b\u0107 i chwa\u0142a na wieki.<\/em><\/p>\n<p><em>Amen <\/em><\/p>\n","protected":false},"excerpt":{"rendered":"<p>ODPUSTY ROKU JUBILEUSZOWEGO 2025 Jako Pielgrzymi prze\u017cywamy Rok \u015awi\u0119ty, charakteryzuj\u0105cy si\u0119 nadziej\u0105, kt\u00f3ra nie ga\u015bnie, \u201enadziej\u0105 w Bogu\u201d \u2013 stwierdzi\u0142 Papie\u017c Franciszek w bulli \u201eSpes non confundit\u201d (Nadzieja zawie\u015b\u0107 nie mo\u017ce). Pami\u0119tajmy, \u017ce podstawow\u0105 \u0142ask\u0105, zwi\u0105zan\u0105 z ustanowieniem Roku Jubileuszowego jest odpust zupe\u0142ny. Mo\u017cna go uzyska\u0107 pod okre\u015blonymi warunkami. S\u0105 to: stan \u0142aski u\u015bwi\u0119caj\u0105cej i [&hellip;]<\/p>\n","protected":false},"author":2,"featured_media":0,"parent":0,"menu_order":0,"comment_status":"closed","ping_status":"closed","template":"","meta":{"ngg_post_thumbnail":0,"footnotes":""},"_links":{"self":[{"href":"https:\/\/parafiaswjozefawmuszynie.pl\/index.php?rest_route=\/wp\/v2\/pages\/2269"}],"collection":[{"href":"https:\/\/parafiaswjozefawmuszynie.pl\/index.php?rest_route=\/wp\/v2\/pages"}],"about":[{"href":"https:\/\/parafiaswjozefawmuszynie.pl\/index.php?rest_route=\/wp\/v2\/types\/page"}],"author":[{"embeddable":true,"href":"https:\/\/parafiaswjozefawmuszynie.pl\/index.php?rest_route=\/wp\/v2\/users\/2"}],"replies":[{"embeddable":true,"href":"https:\/\/parafiaswjozefawmuszynie.pl\/index.php?rest_route=%2Fwp%2Fv2%2Fcomments&post=2269"}],"version-history":[{"count":6,"href":"https:\/\/parafiaswjozefawmuszynie.pl\/index.php?rest_route=\/wp\/v2\/pages\/2269\/revisions"}],"predecessor-version":[{"id":2415,"href":"https:\/\/parafiaswjozefawmuszynie.pl\/index.php?rest_route=\/wp\/v2\/pages\/2269\/revisions\/2415"}],"wp:attachment":[{"href":"https:\/\/parafiaswjozefawmuszynie.pl\/index.php?rest_route=%2Fwp%2Fv2%2Fmedia&parent=2269"}],"curies":[{"name":"wp","href":"https:\/\/api.w.org\/{rel}","templated":true}]}}