{"id":7,"date":"2021-08-08T15:18:46","date_gmt":"2021-08-08T13:18:46","guid":{"rendered":"https:\/\/parafiaswjozefawmuszynie.pl\/?page_id=7"},"modified":"2026-04-26T10:42:05","modified_gmt":"2026-04-26T08:42:05","slug":"informacje","status":"publish","type":"page","link":"https:\/\/parafiaswjozefawmuszynie.pl\/","title":{"rendered":"Og\u0142oszenia parafialne"},"content":{"rendered":"<h1 style=\"text-align: center;\"><a href=\"https:\/\/parafiaswjozefawmuszynie.pl\/?page_id=459\"><img loading=\"lazy\" decoding=\"async\" class=\"aligncenter wp-image-457\" src=\"https:\/\/parafiaswjozefawmuszynie.pl\/wp-content\/uploads\/2022\/03\/Post-o-chlebie-i-wodzie-2-300x199.jpg\" alt=\"\" width=\"756\" height=\"501\" srcset=\"https:\/\/parafiaswjozefawmuszynie.pl\/wp-content\/uploads\/2022\/03\/Post-o-chlebie-i-wodzie-2-300x199.jpg 300w, https:\/\/parafiaswjozefawmuszynie.pl\/wp-content\/uploads\/2022\/03\/Post-o-chlebie-i-wodzie-2-676x449.jpg 676w\" sizes=\"(max-width: 756px) 100vw, 756px\" \/><\/a><\/h1>\n<h1 style=\"text-align: center;\"><a href=\"https:\/\/parafiaswjozefawmuszynie.pl\/?page_id=459\"><span style=\"color: #993300;\"><strong><span style=\"color: #bf1b1b;\"><span style=\"color: #bf331b;\">POST O CHLEBIE I WODZIE<\/span><\/span><\/strong><\/span><\/a><\/h1>\n<h3 style=\"text-align: center;\"><strong><em>W intencji pokoju na \u015bwiecie, nawr\u00f3cenie grzesznik\u00f3w <\/em><\/strong><strong><em>oraz o\u017cywienia wiary dla rodzin, dzieci i m\u0142odzie\u017cy <\/em><\/strong><strong><em>w naszej Parafii.<\/em><\/strong><\/h3>\n<p style=\"text-align: center;\">Podejmijmy <strong><em><u>cho\u0107by jednodniowy post o chlebie i wodzie<\/u>.<br \/>\n<\/em><\/strong><\/p>\n<h2>&nbsp;<\/h2>\n<h3><a href=\"https:\/\/parafiaswjozefawmuszynie.pl\/?page_id=1986\">Projekt pt. \u201eZachowanie i wyeksponowanie wielokulturowego dziedzictwa ziemi muszy\u0144skiej&#8221;<\/a><\/h3>\n<p><a href=\"https:\/\/parafiaswjozefawmuszynie.pl\/wp-content\/uploads\/2024\/08\/STANDARDY-OCHRONY-DZIECI-poprawione.pdf\">STANDARDY OCHRONY DZIECI W DUSZPASTERSTWIE PARAFIALNYM Parafii Rzymskokatolickiej \u015aw. J\u00f3zefa Oblubie\u0144ca NMP w Muszynie<\/a><\/p>\n<h2>Intencje modlitewne na <a href=\"https:\/\/parafiaswjozefawmuszynie.pl\/?page_id=730\">marzec 2026<\/a><\/h2>\n<p>&nbsp;<\/p>\n<h1 class=\"title\">CZYM S\u0104 PERSPEKTYWY WIARY? &#8211; dowiedz si\u0119 i odwied\u017a stron\u0119:<a href=\"https:\/\/jubileusz.diecezjatarnow.pl\/\"> jubileusz.diecezjatarnow.pl\/<\/a><\/h1>\n<h2>&nbsp;<\/h2>\n<h2 style=\"text-align: center;\"><a href=\"https:\/\/parafiaswjozefawmuszynie.pl\/?page_id=161\">EWANGELIA NA&nbsp;<\/a><\/h2>\n<h1 style=\"text-align: center;\"><i><em>26 kwietnia 2025<br \/>\n<\/em><\/i><\/h1>\n<h2><span style=\"color: #000080;\"><strong>Og\u0142oszenia<\/strong>&nbsp;duszpasterskie<\/span><\/h2>\n<p><strong>26.04.2026r.<\/strong><\/p>\n<h3 style=\"text-align: center;\">Czwarta Niedziela Wielkanocna<\/h3>\n<ol>\n<li>W dniu dzisiejszym Msze \u015bw. o 7.00; 9.00; 10.30; 12.00 i 17.00.<\/li>\n<\/ol>\n<ul>\n<li>Dzisiejsza niedziela rozpoczyna tydzie\u0144 modlitw o powo\u0142ania do s\u0142u\u017cby w Ko\u015bciele. Dzisiejsza taca przeznaczona jest na potrzeby Wy\u017cszego Seminarium Duchownego w Tarnowie.<\/li>\n<\/ul>\n<ol start=\"2\">\n<li>Msze \u015bwi\u0119te w dni powszednie o 6.30 i 18.00.<\/li>\n<\/ol>\n<ul>\n<li>Nowenna do \u015bw. J\u00f3zefa \u2013 wtorek po Mszy wieczornej.<\/li>\n<li>Nowenna do MBNP \u2013 w \u015brod\u0119 o 17.30.<\/li>\n<\/ul>\n<ol start=\"3\">\n<li>Spotkania:<\/li>\n<\/ol>\n<ul>\n<li>we wtorek po Mszy \u015bw. wieczornej \u2013 dzieci komunijne.<\/li>\n<\/ul>\n<ol start=\"4\">\n<li>W liturgii Ko\u015bcio\u0142a wspominamy:<\/li>\n<\/ol>\n<ul>\n<li>w \u015brod\u0119 \u015bw. Katarzyn\u0119 ze Sieny, dziew. i dok. Ko\u015bc.,<\/li>\n<li>w pi\u0105tek wspomnienie \u015bw. J\u00f3zefa Rzemie\u015blnika, na Mszy \u015bw. o godz. 15.30 b\u0119dziemy modli\u0107 si\u0119 za dusz\u0119 \u015bp. Ks. J\u00f3zefa Wierzbickiego w dniu imienin.<\/li>\n<li>w sobot\u0119 Uroczysto\u015b\u0107 Naj\u015bwi\u0119tszej Maryi Panny Kr\u00f3lowej Polski. Msze \u015bw. o Matce Bo\u017cej o godz. 30 i 10.30, a o 18.00 niedzielna Msza \u015bw.<\/li>\n<\/ul>\n<ol start=\"5\">\n<li>Tygodniowym solenizantom sk\u0142adamy najserdeczniejsze \u017cyczenia i zapraszamy do Komunii \u015bw. w dniu \u015bwi\u0119ta.<\/li>\n<li>W zakrystii mo\u017cna zapisa\u0107 si\u0119 na indywidualne przyj\u0119cie na 9 dni obrazu Matki Bo\u017cej z Medjugorie.<\/li>\n<li>Od pi\u0105tku 1 maja rozpoczniemy nabo\u017ce\u0144stwa majowe, kt\u00f3re b\u0119dziemy odprawiali w dni powszednie po Mszy \u015bw. wieczornej, a w niedziel\u0119 o 17.30. Zapraszamy ca\u0142ymi rodzinami zw\u0142aszcza dzieci i m\u0142odzie\u017c.<\/li>\n<li>W tym tygodniu przypada pierwszy pi\u0105tek, sobota i pierwsza niedziela miesi\u0105ca maja. Spowied\u017a przed pierwszym pi\u0105tkiem w tygodniu codziennie przed Msz\u0105 \u015bw. porann\u0105 i wieczorn\u0105 oraz w pierwszy pi\u0105tek p\u00f3\u0142 godziny przed ka\u017cdym nabo\u017ce\u0144stwem. W pierwszy pi\u0105tek miesi\u0105ca Msze \u015bw. o 6.30, 15.30 i wotywna o 18.00. o godz. 15.00 godzina mi\u0142osierdzia. Mo\u017cliwo\u015b\u0107 adoracji Pana Jezusa od 16.00 do 18.00. Do chorych udamy si\u0119 w pierwsz\u0105 sobot\u0119 od godziny 8.00.<\/li>\n<\/ol>\n<ul>\n<li>W najbli\u017cszy pi\u0105tek 1 maja o godzinie 10.30 odb\u0119dzie si\u0119 Msza \u015bwi\u0119ta z okazji Dnia Stra\u017caka.<\/li>\n<\/ul>\n<ol start=\"9\">\n<li>W przysz\u0142\u0105 niedziel\u0119 z racji pierwszej niedzieli miesi\u0105ca, zmiana tajemnic r\u00f3\u017ca\u0144cowych po Mszy \u015bw. o godz. 9.00. R\u00f3wnie\u017c od przysz\u0142ej niedzieli Msze \u015bw. wieczorne b\u0119d\u0105 celebrowane o godz. 18.00. P\u00f3\u0142 godziny wcze\u015bniej nabo\u017ce\u0144stwo majowe.&nbsp; &nbsp;<\/li>\n<li>Dzi\u0119kujemy za wszelk\u0105 \u017cyczliwo\u015b\u0107 i ofiarno\u015b\u0107 ubieg\u0142ego tygodnia. Bardzo dzi\u0119kujemy \u017cyczliwym osob\u0105 za pomoc w zorganizowaniu wyjazdu na mecz do Krakowa dla LSO naszej parafii oraz za ofiary kt\u00f3re z\u0142o\u017cyli\u015bcie.<\/li>\n<li>W zwi\u0105zku z nieszcz\u0119\u015bciem po\u017caru, kt\u00f3ry dotkn\u0105\u0142 w ubieg\u0142y poniedzia\u0142ek rodzin\u0119 naszej parafii w przysz\u0142\u0105 niedziel\u0119 do puszek Caritas b\u0119dzie mo\u017cna z\u0142o\u017cy\u0107 ofiary, kt\u00f3re przeka\u017cemy pogorzelcom.<\/li>\n<li>W dniu 16 maja organizowana jest pielgrzymka do Cz\u0119stochowy. Zapisy do 3 maja w zakrystii. Koszt ok.140 z\u0142.<\/li>\n<li>Msz\u0119 \u015bw. nowennow\u0105 odprawiamy w ka\u017cd\u0105 \u015brod\u0119 o godz. 18.00. Na t\u0119 Msz\u0119 \u015bw., mo\u017cna zamawia\u0107 intencje, kt\u00f3re b\u0119dziemy poleca\u0107 najpierw w nowennie do MBNP, a p\u00f3\u017aniej w Ofierze Mszy \u015bw. Intencja indywidualna przyj\u0119ta na godz. 18.00 jest odprawiana w tym samym dniu o 6.30.<\/li>\n<li>Zach\u0119camy do czytania prasy katolickiej. Jest nowy Go\u015b\u0107 Niedzielny, a w nim m.in. o Weronice Krawczyk, u\u0142askawionej przez prezydenta odwa\u017cnej matce, kt\u00f3rej grozi\u0142o wi\u0119zienie za to, \u017ce ostrzeg\u0142a inn\u0105 kobiet\u0119 przed z\u0142ym lekarzem. Jest Historia Ko\u015bcio\u0142a i Go\u015b\u0107 Extra, a dla najm\u0142odszych nowy majowy Promyczek Dobra i Ma\u0142y Promyczek.<\/li>\n<li>Wszystkim Kuracjuszom, Go\u015bciom i Wam drodzy parafianie, \u017cyczymy wielu \u0141ask Bo\u017cych i zapraszamy do naszych ogrod\u00f3w, kt\u00f3re od 1 maja otwieraj\u0105 si\u0119 dla Was po raz 11. Z serca b\u0142ogos\u0142awimy.<\/li>\n<\/ol>\n","protected":false},"excerpt":{"rendered":"<p>POST O CHLEBIE I WODZIE W intencji pokoju na \u015bwiecie, nawr\u00f3cenie grzesznik\u00f3w oraz o\u017cywienia wiary dla rodzin, dzieci i m\u0142odzie\u017cy w naszej Parafii. Podejmijmy cho\u0107by jednodniowy post o chlebie i wodzie. &nbsp; Projekt pt. \u201eZachowanie i wyeksponowanie wielokulturowego dziedzictwa ziemi muszy\u0144skiej&#8221; STANDARDY OCHRONY DZIECI W DUSZPASTERSTWIE PARAFIALNYM Parafii Rzymskokatolickiej \u015aw. J\u00f3zefa Oblubie\u0144ca NMP w Muszynie [&hellip;]<\/p>\n","protected":false},"author":1,"featured_media":0,"parent":0,"menu_order":0,"comment_status":"closed","ping_status":"closed","template":"","meta":{"ngg_post_thumbnail":0,"footnotes":""},"_links":{"self":[{"href":"https:\/\/parafiaswjozefawmuszynie.pl\/index.php?rest_route=\/wp\/v2\/pages\/7"}],"collection":[{"href":"https:\/\/parafiaswjozefawmuszynie.pl\/index.php?rest_route=\/wp\/v2\/pages"}],"about":[{"href":"https:\/\/parafiaswjozefawmuszynie.pl\/index.php?rest_route=\/wp\/v2\/types\/page"}],"author":[{"embeddable":true,"href":"https:\/\/parafiaswjozefawmuszynie.pl\/index.php?rest_route=\/wp\/v2\/users\/1"}],"replies":[{"embeddable":true,"href":"https:\/\/parafiaswjozefawmuszynie.pl\/index.php?rest_route=%2Fwp%2Fv2%2Fcomments&post=7"}],"version-history":[{"count":1029,"href":"https:\/\/parafiaswjozefawmuszynie.pl\/index.php?rest_route=\/wp\/v2\/pages\/7\/revisions"}],"predecessor-version":[{"id":3104,"href":"https:\/\/parafiaswjozefawmuszynie.pl\/index.php?rest_route=\/wp\/v2\/pages\/7\/revisions\/3104"}],"wp:attachment":[{"href":"https:\/\/parafiaswjozefawmuszynie.pl\/index.php?rest_route=%2Fwp%2Fv2%2Fmedia&parent=7"}],"curies":[{"name":"wp","href":"https:\/\/api.w.org\/{rel}","templated":true}]}}